{"id":6060,"date":"2021-05-17T11:05:12","date_gmt":"2021-05-17T09:05:12","guid":{"rendered":"https:\/\/www.residence-lapinede.com\/tourisme-pezenas\/"},"modified":"2023-03-28T16:11:24","modified_gmt":"2023-03-28T14:11:24","slug":"tourisme-pezenas","status":"publish","type":"page","link":"https:\/\/www.residence-lapinede.com\/es\/tourisme-pezenas\/","title":{"rendered":"Pezenas"},"content":{"rendered":"<section id=\"section-60a3611f561cb\"class=\"section modele bg-white\" \/><div class=\"container extralarge\"><h1 class=\"element section-title center\">Turismo en P\u00e9zenas<\/h1><div class=\"colonnes-wrap valign-middle \"><div class=\"element colonne w-40\"><h2 class=\"element section-title left modeleTitle\">Camping cerca de P\u00e9zenas<\/h2><div class=\"element images\"><div class=\"image\"><img decoding=\"async\" src=\"https:\/\/www.residence-lapinede.com\/wp-content\/uploads\/2021\/06\/visite-pezenas-94x100.jpg\" data-src=\"https:\/\/www.residence-lapinede.com\/wp-content\/uploads\/2021\/06\/visite-pezenas.jpg\" alt=\"visite pezenas\" class=\"images_image\" \/><\/div><\/div><\/div><div class=\"element colonne w-60\"><div class=\"element bloc-text justify \">\n\t<p>El pueblo de P\u00e9zenas est\u00e1 situado entre B\u00e9ziers y Montpellier, en la regi\u00f3n francesa de H\u00e9rault. Tiene una superficie de unos 30 km\u00b2. Se trata de un municipio con un rico patrimonio hist\u00f3rico y cultural cuyo nombre se atribuye a la ocupaci\u00f3n romana.<\/p>\n<p>Potencia econ\u00f3mica y pol\u00edtica en la Edad Media, su influencia creci\u00f3 hasta el siglo XVII.<\/p>\n<p>P\u00e9zenas, a dos pasos del camping Castelnau-de-Guers, cuenta con m\u00e1s de 8.000 habitantes y una gran variedad de comercios y artesanos. La ciudad es miembro de las Villes et Pays d&#8217;art et d&#8217;histoire y de los Sites et cit\u00e9s remarquables en France y ha sido galardonada con la etiqueta Grand Site Occitanie.<\/p>\n<p>Al elegir uno de los alojamientos de nuestro camping cerca de P\u00e9zenas, tambi\u00e9n tendr\u00e1 la oportunidad de descubrir S\u00e8te y sus bellos paisajes a la vuelta de Montpellier y Marseillan. Tambi\u00e9n puede aprovechar para visitar Saint-Guilhem-le-D\u00e9sert.<\/p>\n<\/div><\/div><\/div><\/div><\/section>\n\n<section id=\"section-60a371f719c2b\"data-bg-opacite=\"1\"data-background=\"https:\/\/www.residence-lapinede.com\/wp-content\/uploads\/2021\/06\/metier-pezenas.jpg\"data-speed=\"0.8\"class=\"section modele imageFullDegradeNoir bg-white section--has-bg-img section_bg-parallax\" \/><div class=\"container full\"><\/div><\/section>\n\n\n\n<section id=\"section-60a371f719f5a\"class=\"section modele decoPins decoGauche bg-white\" \/><div class=\"container extralarge\"><div class=\"colonnes-wrap valign-middle \"><div class=\"element colonne w-60\"><h2 class=\"element section-title left modeleTitle\">Qu\u00e9 ver en P\u00e9zenas<\/h2><div class=\"element bloc-text justify \">\n\t<p>P\u00e9zenas cuenta con una zona protegida con m\u00e1s de 30 edificios catalogados. Se pueden admirar numerosas mansiones privadas de los siglos XVI, XVII y XVIII, como el H\u00f4tel de Lacoste y el H\u00f4tel de Flottes de S\u00e9basan, con sus fachadas y puertas arquitect\u00f3nicamente refinadas.<\/p>\n<p>Pase por delante de la antigua capilla de los P\u00e9nitents Noirs, hoy transformada en teatro, para apreciar la belleza de su entrada esculpida. En el interior del edificio se encuentra un magn\u00edfico teatro a la italiana. Descubra tambi\u00e9n la plaza Moli\u00e8re y su soberbia escultura del escritor.<\/p>\n<p>Tambi\u00e9n merece la pena ver el sendero de Boby Lapointe, obras de arte esculpidas dedicadas a este artista.<\/p>\n<\/div><\/div><div class=\"element colonne w-40\"><div class=\"element images\"><div class=\"image\"><img decoding=\"async\" src=\"https:\/\/www.residence-lapinede.com\/wp-content\/uploads\/2021\/06\/eglise-pezenas-94x100.jpg\" data-src=\"https:\/\/www.residence-lapinede.com\/wp-content\/uploads\/2021\/06\/eglise-pezenas.jpg\" alt=\"eglise pezenas\" class=\"images_image\" \/><\/div><\/div><\/div><\/div><\/div><\/section>\n\n<section id=\"section-60d1fd20dcfb7\"class=\"section modele bg-color3\" \/><div class=\"container extralarge\"><div class=\"colonnes-wrap valign-middle \"><div class=\"element colonne w-40\"><div class=\"element images\"><div class=\"image\"><img decoding=\"async\" src=\"https:\/\/www.residence-lapinede.com\/wp-content\/uploads\/2021\/06\/services-camping-94x100.jpg\" data-src=\"https:\/\/www.residence-lapinede.com\/wp-content\/uploads\/2021\/06\/services-camping.jpg\" alt=\"camping 4 \u00e9toiles h\u00e9rault\" class=\"images_image\" \/><\/div><div class=\"image\"><img decoding=\"async\" src=\"https:\/\/www.residence-lapinede.com\/wp-content\/uploads\/2021\/07\/marche-pezenas-100x67.jpg\" data-src=\"https:\/\/www.residence-lapinede.com\/wp-content\/uploads\/2021\/07\/marche-pezenas.jpg\" alt=\"marche herault pezenas\" class=\"images_image\" \/><\/div><\/div><\/div><div class=\"element colonne w-60\"><h2 class=\"element section-title left modeleTitle white\">Qu\u00e9 hacer en P\u00e9zenas<\/h2><div class=\"element bloc-text justify \">\n\t<ul class=\"white\">\n<li class=\"white\">Museo de Vulliod Saint-Germain, en el H\u00f4tel de Saint-Germain. Conocer\u00e1 la historia de P\u00e9zenas y descubrir\u00e1 muebles de los siglos XVII y XVIII, obras de arte, loza&#8230;<\/li>\n<li class=\"white\">A-Mus\u00e9e Boby Lapointe, autor-compositor nacido en P\u00e9zenas en 1922, place Gambetta en la barber\u00eda G\u00e9ly.<\/li>\n<li class=\"white\">Maison des m\u00e9tiers d&#8217;art, tambi\u00e9n en la plaza Gambetta, donde se exponen y venden objetos de coleccionista.<\/li>\n<li class=\"white\">Mus\u00e9e du jouet, en el centro de P\u00e9zenas, con su colecci\u00f3n de m\u00e1s de 6.000 juguetes.<\/li>\n<li class=\"white\">La colegiata de Saint-Jean, antigua iglesia rom\u00e1nica del siglo XVIII, con su tesoro de objetos sagrados en la antigua sala capitular.<\/li>\n<li class=\"white\">El mercado de P\u00e9zenas todos los s\u00e1bados.<\/li>\n<\/ul>\n<\/div><\/div><\/div><\/div><\/section>\n\n<section id=\"section-60b09547b0c94\"class=\"section modele decoPins decoDroite bg-white\" \/><div class=\"container large\"><div class=\"element section-title center titre-cta\">Descubra los alrededores de P\u00e9z\u00e9nas<\/div><ul class=\"liste-de-page\"><li class=\"element call-to-action carre call-to-action--style-1 call-to-action--big\"><a href=\"https:\/\/www.residence-lapinede.com\/es\/camping-saint-guilhem-le-desert\/\"  class=\"call-to-action_link\" title=\"M\u00e1s informaci\u00f3n saint-guilhem-le-desert\"><div class=\"call-to-action_image\"><img decoding=\"async\" src=\"https:\/\/www.residence-lapinede.com\/wp-content\/uploads\/2021\/06\/saint-guilhem-visite-100x50.jpg\" data-src=\"https:\/\/www.residence-lapinede.com\/wp-content\/uploads\/2021\/06\/saint-guilhem-visite.jpg\" alt=\"saint guilhem le desert visite\" class=\"big\" \/><\/div><div class=\"call-to-action_contenu\"><div class=\"call-to-action_titre\">Saint-Guilhem-le-Desert<\/div><\/div><\/a><\/li><li class=\"element call-to-action carre call-to-action--style-1 call-to-action--big call-to-action--style-1 call-to-action--big\"><a href=\"https:\/\/www.residence-lapinede.com\/es\/camping-sete\/\"  class=\"call-to-action_link\" title=\"M\u00e1s informaci\u00f3n sete\"><div class=\"call-to-action_image\"><img decoding=\"async\" src=\"https:\/\/www.residence-lapinede.com\/wp-content\/uploads\/2021\/06\/sete-visite-100x50.jpg\" data-src=\"https:\/\/www.residence-lapinede.com\/wp-content\/uploads\/2021\/06\/sete-visite.jpg\" alt=\"sete visite\" class=\"big\" \/><\/div><div class=\"call-to-action_contenu\"><div class=\"call-to-action_titre\">Sete<\/div><\/div><\/a><\/li><\/ul><\/div><\/section>","protected":false},"excerpt":{"rendered":"","protected":false},"author":1,"featured_media":4620,"parent":0,"menu_order":0,"comment_status":"closed","ping_status":"closed","template":"","meta":{"_acf_changed":false,"footnotes":""},"class_list":["post-6060","page","type-page","status-publish","has-post-thumbnail","hentry"],"acf":[],"yoast_head":"<!-- This site is optimized with the Yoast SEO plugin v26.5 - https:\/\/yoast.com\/wordpress\/plugins\/seo\/ -->\n<title>Qu\u00e9 ver y hacer en P\u00e9zenas | Turismo P\u00e9zenas | Vacaciones en P\u00e9zenas<\/title>\n<meta name=\"robots\" content=\"index, follow, max-snippet:-1, max-image-preview:large, max-video-preview:-1\" \/>\n<link rel=\"canonical\" href=\"https:\/\/www.residence-lapinede.com\/es\/tourisme-pezenas\/\" \/>\n<meta property=\"og:locale\" content=\"es_ES\" \/>\n<meta property=\"og:type\" content=\"article\" \/>\n<meta property=\"og:title\" content=\"Qu\u00e9 ver y hacer en P\u00e9zenas | Turismo P\u00e9zenas | Vacaciones en P\u00e9zenas\" \/>\n<meta property=\"og:url\" content=\"https:\/\/www.residence-lapinede.com\/es\/tourisme-pezenas\/\" \/>\n<meta property=\"og:site_name\" content=\"Camping r\u00e9sidentiel la Pinede\" \/>\n<meta property=\"article:modified_time\" content=\"2023-03-28T14:11:24+00:00\" \/>\n<meta property=\"og:image\" content=\"https:\/\/www.residence-lapinede.com\/wp-content\/uploads\/2021\/06\/vacances-pezenas.jpg\" \/>\n\t<meta property=\"og:image:width\" content=\"1903\" \/>\n\t<meta property=\"og:image:height\" content=\"300\" \/>\n\t<meta property=\"og:image:type\" content=\"image\/jpeg\" \/>\n<meta name=\"twitter:card\" content=\"summary_large_image\" \/>\n<script type=\"application\/ld+json\" class=\"yoast-schema-graph\">{\"@context\":\"https:\/\/schema.org\",\"@graph\":[{\"@type\":\"WebPage\",\"@id\":\"https:\/\/www.residence-lapinede.com\/es\/tourisme-pezenas\/\",\"url\":\"https:\/\/www.residence-lapinede.com\/es\/tourisme-pezenas\/\",\"name\":\"Qu\u00e9 ver y hacer en P\u00e9zenas | Turismo P\u00e9zenas | Vacaciones en P\u00e9zenas\",\"isPartOf\":{\"@id\":\"https:\/\/www.residence-lapinede.com\/es\/#website\"},\"primaryImageOfPage\":{\"@id\":\"https:\/\/www.residence-lapinede.com\/es\/tourisme-pezenas\/#primaryimage\"},\"image\":{\"@id\":\"https:\/\/www.residence-lapinede.com\/es\/tourisme-pezenas\/#primaryimage\"},\"thumbnailUrl\":\"https:\/\/www.residence-lapinede.com\/wp-content\/uploads\/2021\/06\/vacances-pezenas.jpg\",\"datePublished\":\"2021-05-17T09:05:12+00:00\",\"dateModified\":\"2023-03-28T14:11:24+00:00\",\"breadcrumb\":{\"@id\":\"https:\/\/www.residence-lapinede.com\/es\/tourisme-pezenas\/#breadcrumb\"},\"inLanguage\":\"es\",\"potentialAction\":[{\"@type\":\"ReadAction\",\"target\":[\"https:\/\/www.residence-lapinede.com\/es\/tourisme-pezenas\/\"]}]},{\"@type\":\"ImageObject\",\"inLanguage\":\"es\",\"@id\":\"https:\/\/www.residence-lapinede.com\/es\/tourisme-pezenas\/#primaryimage\",\"url\":\"https:\/\/www.residence-lapinede.com\/wp-content\/uploads\/2021\/06\/vacances-pezenas.jpg\",\"contentUrl\":\"https:\/\/www.residence-lapinede.com\/wp-content\/uploads\/2021\/06\/vacances-pezenas.jpg\",\"width\":1903,\"height\":300},{\"@type\":\"BreadcrumbList\",\"@id\":\"https:\/\/www.residence-lapinede.com\/es\/tourisme-pezenas\/#breadcrumb\",\"itemListElement\":[{\"@type\":\"ListItem\",\"position\":1,\"name\":\"Camping H\u00e9rault\",\"item\":\"https:\/\/www.residence-lapinede.com\/es\/\"},{\"@type\":\"ListItem\",\"position\":2,\"name\":\"Visitar P\u00e9zenas\"}]},{\"@type\":\"WebSite\",\"@id\":\"https:\/\/www.residence-lapinede.com\/es\/#website\",\"url\":\"https:\/\/www.residence-lapinede.com\/es\/\",\"name\":\"Camping r\u00e9sidentiel la Pinede\",\"description\":\"Calme Luxe Nature\",\"publisher\":{\"@id\":\"https:\/\/www.residence-lapinede.com\/es\/#organization\"},\"potentialAction\":[{\"@type\":\"SearchAction\",\"target\":{\"@type\":\"EntryPoint\",\"urlTemplate\":\"https:\/\/www.residence-lapinede.com\/es\/?s={search_term_string}\"},\"query-input\":{\"@type\":\"PropertyValueSpecification\",\"valueRequired\":true,\"valueName\":\"search_term_string\"}}],\"inLanguage\":\"es\"},{\"@type\":\"Organization\",\"@id\":\"https:\/\/www.residence-lapinede.com\/es\/#organization\",\"name\":\"R\u00e9sidence La Pin\u00e8de\",\"url\":\"https:\/\/www.residence-lapinede.com\/es\/\",\"logo\":{\"@type\":\"ImageObject\",\"inLanguage\":\"es\",\"@id\":\"https:\/\/www.residence-lapinede.com\/es\/#\/schema\/logo\/image\/\",\"url\":\"https:\/\/www.residence-lapinede.com\/wp-content\/uploads\/2021\/05\/camping-pinede-logo.png\",\"contentUrl\":\"https:\/\/www.residence-lapinede.com\/wp-content\/uploads\/2021\/05\/camping-pinede-logo.png\",\"width\":2000,\"height\":875,\"caption\":\"R\u00e9sidence La Pin\u00e8de\"},\"image\":{\"@id\":\"https:\/\/www.residence-lapinede.com\/es\/#\/schema\/logo\/image\/\"}}]}<\/script>\n<!-- \/ Yoast SEO plugin. -->","yoast_head_json":{"title":"Qu\u00e9 ver y hacer en P\u00e9zenas | Turismo P\u00e9zenas | Vacaciones en P\u00e9zenas","robots":{"index":"index","follow":"follow","max-snippet":"max-snippet:-1","max-image-preview":"max-image-preview:large","max-video-preview":"max-video-preview:-1"},"canonical":"https:\/\/www.residence-lapinede.com\/es\/tourisme-pezenas\/","og_locale":"es_ES","og_type":"article","og_title":"Qu\u00e9 ver y hacer en P\u00e9zenas | Turismo P\u00e9zenas | Vacaciones en P\u00e9zenas","og_url":"https:\/\/www.residence-lapinede.com\/es\/tourisme-pezenas\/","og_site_name":"Camping r\u00e9sidentiel la Pinede","article_modified_time":"2023-03-28T14:11:24+00:00","og_image":[{"width":1903,"height":300,"url":"https:\/\/www.residence-lapinede.com\/wp-content\/uploads\/2021\/06\/vacances-pezenas.jpg","type":"image\/jpeg"}],"twitter_card":"summary_large_image","schema":{"@context":"https:\/\/schema.org","@graph":[{"@type":"WebPage","@id":"https:\/\/www.residence-lapinede.com\/es\/tourisme-pezenas\/","url":"https:\/\/www.residence-lapinede.com\/es\/tourisme-pezenas\/","name":"Qu\u00e9 ver y hacer en P\u00e9zenas | Turismo P\u00e9zenas | Vacaciones en P\u00e9zenas","isPartOf":{"@id":"https:\/\/www.residence-lapinede.com\/es\/#website"},"primaryImageOfPage":{"@id":"https:\/\/www.residence-lapinede.com\/es\/tourisme-pezenas\/#primaryimage"},"image":{"@id":"https:\/\/www.residence-lapinede.com\/es\/tourisme-pezenas\/#primaryimage"},"thumbnailUrl":"https:\/\/www.residence-lapinede.com\/wp-content\/uploads\/2021\/06\/vacances-pezenas.jpg","datePublished":"2021-05-17T09:05:12+00:00","dateModified":"2023-03-28T14:11:24+00:00","breadcrumb":{"@id":"https:\/\/www.residence-lapinede.com\/es\/tourisme-pezenas\/#breadcrumb"},"inLanguage":"es","potentialAction":[{"@type":"ReadAction","target":["https:\/\/www.residence-lapinede.com\/es\/tourisme-pezenas\/"]}]},{"@type":"ImageObject","inLanguage":"es","@id":"https:\/\/www.residence-lapinede.com\/es\/tourisme-pezenas\/#primaryimage","url":"https:\/\/www.residence-lapinede.com\/wp-content\/uploads\/2021\/06\/vacances-pezenas.jpg","contentUrl":"https:\/\/www.residence-lapinede.com\/wp-content\/uploads\/2021\/06\/vacances-pezenas.jpg","width":1903,"height":300},{"@type":"BreadcrumbList","@id":"https:\/\/www.residence-lapinede.com\/es\/tourisme-pezenas\/#breadcrumb","itemListElement":[{"@type":"ListItem","position":1,"name":"Camping H\u00e9rault","item":"https:\/\/www.residence-lapinede.com\/es\/"},{"@type":"ListItem","position":2,"name":"Visitar P\u00e9zenas"}]},{"@type":"WebSite","@id":"https:\/\/www.residence-lapinede.com\/es\/#website","url":"https:\/\/www.residence-lapinede.com\/es\/","name":"Camping r\u00e9sidentiel la Pinede","description":"Calme Luxe Nature","publisher":{"@id":"https:\/\/www.residence-lapinede.com\/es\/#organization"},"potentialAction":[{"@type":"SearchAction","target":{"@type":"EntryPoint","urlTemplate":"https:\/\/www.residence-lapinede.com\/es\/?s={search_term_string}"},"query-input":{"@type":"PropertyValueSpecification","valueRequired":true,"valueName":"search_term_string"}}],"inLanguage":"es"},{"@type":"Organization","@id":"https:\/\/www.residence-lapinede.com\/es\/#organization","name":"R\u00e9sidence La Pin\u00e8de","url":"https:\/\/www.residence-lapinede.com\/es\/","logo":{"@type":"ImageObject","inLanguage":"es","@id":"https:\/\/www.residence-lapinede.com\/es\/#\/schema\/logo\/image\/","url":"https:\/\/www.residence-lapinede.com\/wp-content\/uploads\/2021\/05\/camping-pinede-logo.png","contentUrl":"https:\/\/www.residence-lapinede.com\/wp-content\/uploads\/2021\/05\/camping-pinede-logo.png","width":2000,"height":875,"caption":"R\u00e9sidence La Pin\u00e8de"},"image":{"@id":"https:\/\/www.residence-lapinede.com\/es\/#\/schema\/logo\/image\/"}}]}},"_links":{"self":[{"href":"https:\/\/www.residence-lapinede.com\/es\/wp-json\/wp\/v2\/pages\/6060","targetHints":{"allow":["GET"]}}],"collection":[{"href":"https:\/\/www.residence-lapinede.com\/es\/wp-json\/wp\/v2\/pages"}],"about":[{"href":"https:\/\/www.residence-lapinede.com\/es\/wp-json\/wp\/v2\/types\/page"}],"author":[{"embeddable":true,"href":"https:\/\/www.residence-lapinede.com\/es\/wp-json\/wp\/v2\/users\/1"}],"replies":[{"embeddable":true,"href":"https:\/\/www.residence-lapinede.com\/es\/wp-json\/wp\/v2\/comments?post=6060"}],"version-history":[{"count":2,"href":"https:\/\/www.residence-lapinede.com\/es\/wp-json\/wp\/v2\/pages\/6060\/revisions"}],"predecessor-version":[{"id":6063,"href":"https:\/\/www.residence-lapinede.com\/es\/wp-json\/wp\/v2\/pages\/6060\/revisions\/6063"}],"wp:featuredmedia":[{"embeddable":true,"href":"https:\/\/www.residence-lapinede.com\/es\/wp-json\/wp\/v2\/media\/4620"}],"wp:attachment":[{"href":"https:\/\/www.residence-lapinede.com\/es\/wp-json\/wp\/v2\/media?parent=6060"}],"curies":[{"name":"wp","href":"https:\/\/api.w.org\/{rel}","templated":true}]}}