{"id":5849,"date":"2021-08-03T12:01:13","date_gmt":"2021-08-03T10:01:13","guid":{"rendered":"https:\/\/www.residence-lapinede.com\/mobil-homes-a-vendre\/"},"modified":"2023-03-24T16:20:49","modified_gmt":"2023-03-24T15:20:49","slug":"mobil-homes-a-vendre","status":"publish","type":"page","link":"https:\/\/www.residence-lapinede.com\/de\/mobil-homes-a-vendre\/","title":{"rendered":"Mobil homes \u00e0 vendre"},"content":{"rendered":"<section id=\"section-60a3611f561cb\"class=\"section modele bg-white\" \/><div class=\"container extralarge\"><h1 class=\"element section-title center\">Kauf eines Mobilheims in H\u00e9rault<\/h1><div class=\"element bloc-text justify \">\n\t<p style=\"text-align: center;\"><strong>ACHTUNG: WIR LEHNEN ALLE ANFRAGEN ZUM KAUF ODER ZUR MIETE AB, UM DORT DAS GANZE JAHR ZU WOHNEN.<\/strong><\/p>\n<\/div><div class=\"filtres\"><\/div><ul class=\"liste-de-page hebergements\"><div class=\"row\"><li class=\"element hebergement call-to-action call-to-action--style-2  reihe-g-rsidentiel anzahl-der-personen-6 anzahl-der-zimmer-2 flche-40 tarif-55-510\" id=\"\"><div class=\"hebergement_link\" id=\"5938\"><div class=\"call-to-action_image\" id=\"\"><img decoding=\"async\" src=\"https:\/\/www.residence-lapinede.com\/wp-content\/uploads\/2022\/02\/Noir-et-Blanc-Plage-Vacances-Famille-Photo-Livre.jpg\" data-src=\"https:\/\/www.residence-lapinede.com\/wp-content\/uploads\/2022\/02\/Noir-et-Blanc-Plage-Vacances-Famille-Photo-Livre.jpg\" alt=\"\" class=\"\" \/><\/div><div class=\"call-to-action_contenu\"><div class=\"call-to-action_titre\">n\u00b0133 mobil home BALTIMORE **R\u00c9SERV\u00c9n\u00b0133 Mobilheim BALTIMORE **RESERVIERT<\/div><\/div><\/div><\/li><li class=\"element hebergement call-to-action call-to-action--style-2  reihe-g-vacances anzahl-der-personen-6 anzahl-der-zimmer-3 flche-32 tarif-43510\" id=\"\"><div class=\"hebergement_link\" id=\"5947\"><div class=\"call-to-action_image\" id=\"\"><img decoding=\"async\" src=\"https:\/\/www.residence-lapinede.com\/wp-content\/uploads\/2022\/02\/Noir-et-Blanc-Plage-Vacances-Famille-Photo-Livre.jpg\" data-src=\"https:\/\/www.residence-lapinede.com\/wp-content\/uploads\/2022\/02\/Noir-et-Blanc-Plage-Vacances-Famille-Photo-Livre.jpg\" alt=\"\" class=\"\" \/><\/div><div class=\"call-to-action_contenu\"><div class=\"call-to-action_titre\">N\u00b0004 MOBILHEIM STEUERBORD**RESERVIERT<\/div><\/div><\/div><\/li><\/div><\/ul><\/div><\/section>\n\n<section id=\"section-60a371f719c2b\"data-bg-opacite=\"0\"data-background=\"https:\/\/www.residence-lapinede.com\/wp-content\/uploads\/2021\/08\/mobilhome40-rs.jpg\"data-speed=\"0.5\"class=\"section modele imageFullDegradeNoir bg-white section--has-bg-img section_bg-parallax\" \/><div class=\"container full\"><\/div><\/section>\n\n\n\n<section id=\"section-60a371f719f5a\"class=\"section modele bg-white\" \/><div class=\"container extralarge\"><div class=\"colonnes-wrap valign-middle \"><div class=\"element colonne w-60\"><h2 class=\"element section-title left modeleTitle\">100% Mobilheime Louisiane, franz\u00f6sischer Hersteller<\/h2><div class=\"element bloc-text justify \">\n\t<p>Kaufen Sie ein Mobilheim mit der Garantie des franz\u00f6sischen Marktf\u00fchrers, der sich auf die Entwicklung von hochwertigen Mobilheimen spezialisiert hat und sein Know-how aus \u00fcber 30 Jahren Erfahrung in der Baubranche vererbt hat.<\/p>\n<p>Nach einem sehr strengen Lastenheft bietet Ihnen der Campingplatz La Pin\u00e8de eine v\u00f6llig neue Palette von 16 Modellen mit 20 bis 40 m\u00b2 in 1, 2 oder 3 Schlafzimmern. Die &#8222;geschlossene und \u00fcberdachte&#8220; Struktur wurde nach den Techniken des Bauwesens entwickelt, insbesondere mit einer verst\u00e4rkten Isolierung, einer Doppelverglasung mit PVC-Fensterrahmen, einer 200 mm dicken Dachisolierung und einer kanadischen Canexel-Verkleidung.<\/p>\n<p>Alle strukturellen Elemente wie die Fensterrahmen, die Canexel-Verkleidung und die Dacheindeckung unterliegen der zehnj\u00e4hrigen Garantie des Baugewerbes. Die Inneneinrichtung ist vollst\u00e4ndig m\u00f6bliert und bietet eine hochwertige, zuverl\u00e4ssige und langlebige Ausstattung, sowohl in Bezug auf Sanit\u00e4ranlagen und Haushaltsger\u00e4te als auch auf M\u00f6bel und Dekoration.<\/p>\n<p>NB: Alle Mobilheime sind mit einer Holzterrasse mit Gartenm\u00f6beln und Sonnenschirm ausgestattet.<br \/>\nBaujahr der Mobilheime: 2007 bis 2008.<\/p>\n<\/div><\/div><div class=\"element colonne w-40\"><div class=\"element images\"><div class=\"image\"><img decoding=\"async\" src=\"https:\/\/www.residence-lapinede.com\/wp-content\/uploads\/2021\/06\/location-mobil-home-pezenas-94x100.jpg\" data-src=\"https:\/\/www.residence-lapinede.com\/wp-content\/uploads\/2021\/06\/location-mobil-home-pezenas.jpg\" alt=\"location mobil-home pezenas\" class=\"images_image\" \/><\/div><\/div><a href=\"https:\/\/www.residence-lapinede.com\/docs\/liste-parcelles.pdf\" title=\"Liste der zum Verkauf stehenden Mobilheime herunterladen\" target=\" target=\"_blank\" rel=\"noopener\" \" class=\"element bouton center\" ><span>Liste der zum Verkauf stehenden Mobilheime herunterladen<\/span><\/a><\/div><\/div><\/div><\/section>\n\n<section id=\"section-60b09547b0c94\"class=\"section modele decoPins decoDroite bg-white\" \/><div class=\"container large\"><div class=\"element section-title center titre-cta\">Unsere Preise und unsere Mobilheime zum Verkauf auf dem Campingplatz<\/div><ul class=\"liste-de-page\"><li class=\"element call-to-action carre call-to-action--style-1 call-to-action--big\"><a href=\"https:\/\/www.residence-lapinede.com\/de\/vente-mobil-home-herault\/\"  class=\"call-to-action_link\" title=\"Mehr \u00fcber werden sie eigent\u00fcmer\"><div class=\"call-to-action_image\"><img decoding=\"async\" src=\"https:\/\/www.residence-lapinede.com\/wp-content\/uploads\/2021\/06\/achat-mobil-home-pezenas-100x80.jpg\" data-src=\"https:\/\/www.residence-lapinede.com\/wp-content\/uploads\/2021\/06\/achat-mobil-home-pezenas.jpg\" alt=\"achat mobil home pezenas\" class=\"big\" \/><\/div><div class=\"call-to-action_contenu\"><div class=\"call-to-action_titre\">Werden Sie Eigent\u00fcmer<\/div><\/div><\/a><\/li><li class=\"element call-to-action carre call-to-action--style-1 call-to-action--big call-to-action--style-1 call-to-action--big\"><a href=\"https:\/\/www.residence-lapinede.com\/de\/camping-familial-herault\/\"  class=\"call-to-action_link\" title=\"Mehr \u00fcber unsere dienstleistungen\"><div class=\"call-to-action_image\"><img decoding=\"async\" src=\"https:\/\/www.residence-lapinede.com\/wp-content\/uploads\/2021\/06\/camping-familial-herault-95x100.jpg\" data-src=\"https:\/\/www.residence-lapinede.com\/wp-content\/uploads\/2021\/06\/camping-familial-herault.jpg\" alt=\"camping familial herault\" class=\"big\" \/><\/div><div class=\"call-to-action_contenu\"><div class=\"call-to-action_titre\">Unsere Dienstleistungen<\/div><\/div><\/a><\/li><li class=\"element call-to-action carre call-to-action--style-1 call-to-action--big call-to-action--style-1 call-to-action--big call-to-action--style-1 call-to-action--big\"><a href=\"https:\/\/www.residence-lapinede.com\/de\/camping-pas-cher-herault\/\"  class=\"call-to-action_link\" title=\"Mehr \u00fcber unsere preise\"><div class=\"call-to-action_image\"><img decoding=\"async\" src=\"https:\/\/www.residence-lapinede.com\/wp-content\/uploads\/2021\/06\/pas-cher-vias-100x80.jpg\" data-src=\"https:\/\/www.residence-lapinede.com\/wp-content\/uploads\/2021\/06\/pas-cher-vias.jpg\" alt=\"camping pas cher h\u00e9rault\" class=\"big\" \/><\/div><div class=\"call-to-action_contenu\"><div class=\"call-to-action_titre\">Unsere Preise<\/div><\/div><\/a><\/li><\/ul><\/div><\/section>","protected":false},"excerpt":{"rendered":"","protected":false},"author":2,"featured_media":0,"parent":0,"menu_order":0,"comment_status":"closed","ping_status":"closed","template":"","meta":{"_acf_changed":false,"footnotes":""},"class_list":["post-5849","page","type-page","status-publish","hentry"],"acf":[],"yoast_head":"<!-- This site is optimized with the Yoast SEO plugin v26.5 - https:\/\/yoast.com\/wordpress\/plugins\/seo\/ -->\n<title>Mobilheime zum Verkauf - Camping r\u00e9sidentiel la Pinede<\/title>\n<meta name=\"description\" content=\"Verkauf von Mobilheimen auf Stellpl\u00e4tzen - ganzj\u00e4hrig ge\u00f6ffnet im herault, werden Sie Besitzer Ihres Mobilheims in S\u00fcdfrankreich.\" \/>\n<meta name=\"robots\" content=\"index, follow, max-snippet:-1, max-image-preview:large, max-video-preview:-1\" \/>\n<link rel=\"canonical\" href=\"https:\/\/www.residence-lapinede.com\/de\/mobil-homes-a-vendre\/\" \/>\n<meta property=\"og:locale\" content=\"de_DE\" \/>\n<meta property=\"og:type\" content=\"article\" \/>\n<meta property=\"og:title\" content=\"Mobilheime zum Verkauf - Camping r\u00e9sidentiel la Pinede\" \/>\n<meta property=\"og:description\" content=\"Verkauf von Mobilheimen auf Stellpl\u00e4tzen - ganzj\u00e4hrig ge\u00f6ffnet im herault, werden Sie Besitzer Ihres Mobilheims in S\u00fcdfrankreich.\" \/>\n<meta property=\"og:url\" content=\"https:\/\/www.residence-lapinede.com\/de\/mobil-homes-a-vendre\/\" \/>\n<meta property=\"og:site_name\" content=\"Camping r\u00e9sidentiel la Pinede\" \/>\n<meta property=\"article:modified_time\" content=\"2023-03-24T15:20:49+00:00\" \/>\n<meta name=\"twitter:card\" content=\"summary_large_image\" \/>\n<script type=\"application\/ld+json\" class=\"yoast-schema-graph\">{\"@context\":\"https:\/\/schema.org\",\"@graph\":[{\"@type\":\"WebPage\",\"@id\":\"https:\/\/www.residence-lapinede.com\/de\/mobil-homes-a-vendre\/\",\"url\":\"https:\/\/www.residence-lapinede.com\/de\/mobil-homes-a-vendre\/\",\"name\":\"Mobilheime zum Verkauf - Camping r\u00e9sidentiel la Pinede\",\"isPartOf\":{\"@id\":\"https:\/\/www.residence-lapinede.com\/de\/#website\"},\"datePublished\":\"2021-08-03T10:01:13+00:00\",\"dateModified\":\"2023-03-24T15:20:49+00:00\",\"description\":\"Verkauf von Mobilheimen auf Stellpl\u00e4tzen - ganzj\u00e4hrig ge\u00f6ffnet im herault, werden Sie Besitzer Ihres Mobilheims in S\u00fcdfrankreich.\",\"breadcrumb\":{\"@id\":\"https:\/\/www.residence-lapinede.com\/de\/mobil-homes-a-vendre\/#breadcrumb\"},\"inLanguage\":\"de\",\"potentialAction\":[{\"@type\":\"ReadAction\",\"target\":[\"https:\/\/www.residence-lapinede.com\/de\/mobil-homes-a-vendre\/\"]}]},{\"@type\":\"BreadcrumbList\",\"@id\":\"https:\/\/www.residence-lapinede.com\/de\/mobil-homes-a-vendre\/#breadcrumb\",\"itemListElement\":[{\"@type\":\"ListItem\",\"position\":1,\"name\":\"Camping H\u00e9rault\",\"item\":\"https:\/\/www.residence-lapinede.com\/de\/\"},{\"@type\":\"ListItem\",\"position\":2,\"name\":\"Mobil homes \u00e0 vendre\"}]},{\"@type\":\"WebSite\",\"@id\":\"https:\/\/www.residence-lapinede.com\/de\/#website\",\"url\":\"https:\/\/www.residence-lapinede.com\/de\/\",\"name\":\"Camping r\u00e9sidentiel la Pinede\",\"description\":\"Calme Luxe Nature\",\"publisher\":{\"@id\":\"https:\/\/www.residence-lapinede.com\/de\/#organization\"},\"potentialAction\":[{\"@type\":\"SearchAction\",\"target\":{\"@type\":\"EntryPoint\",\"urlTemplate\":\"https:\/\/www.residence-lapinede.com\/de\/?s={search_term_string}\"},\"query-input\":{\"@type\":\"PropertyValueSpecification\",\"valueRequired\":true,\"valueName\":\"search_term_string\"}}],\"inLanguage\":\"de\"},{\"@type\":\"Organization\",\"@id\":\"https:\/\/www.residence-lapinede.com\/de\/#organization\",\"name\":\"R\u00e9sidence La Pin\u00e8de\",\"url\":\"https:\/\/www.residence-lapinede.com\/de\/\",\"logo\":{\"@type\":\"ImageObject\",\"inLanguage\":\"de\",\"@id\":\"https:\/\/www.residence-lapinede.com\/de\/#\/schema\/logo\/image\/\",\"url\":\"https:\/\/www.residence-lapinede.com\/wp-content\/uploads\/2021\/05\/camping-pinede-logo.png\",\"contentUrl\":\"https:\/\/www.residence-lapinede.com\/wp-content\/uploads\/2021\/05\/camping-pinede-logo.png\",\"width\":2000,\"height\":875,\"caption\":\"R\u00e9sidence La Pin\u00e8de\"},\"image\":{\"@id\":\"https:\/\/www.residence-lapinede.com\/de\/#\/schema\/logo\/image\/\"}}]}<\/script>\n<!-- \/ Yoast SEO plugin. -->","yoast_head_json":{"title":"Mobilheime zum Verkauf - Camping r\u00e9sidentiel la Pinede","description":"Verkauf von Mobilheimen auf Stellpl\u00e4tzen - ganzj\u00e4hrig ge\u00f6ffnet im herault, werden Sie Besitzer Ihres Mobilheims in S\u00fcdfrankreich.","robots":{"index":"index","follow":"follow","max-snippet":"max-snippet:-1","max-image-preview":"max-image-preview:large","max-video-preview":"max-video-preview:-1"},"canonical":"https:\/\/www.residence-lapinede.com\/de\/mobil-homes-a-vendre\/","og_locale":"de_DE","og_type":"article","og_title":"Mobilheime zum Verkauf - Camping r\u00e9sidentiel la Pinede","og_description":"Verkauf von Mobilheimen auf Stellpl\u00e4tzen - ganzj\u00e4hrig ge\u00f6ffnet im herault, werden Sie Besitzer Ihres Mobilheims in S\u00fcdfrankreich.","og_url":"https:\/\/www.residence-lapinede.com\/de\/mobil-homes-a-vendre\/","og_site_name":"Camping r\u00e9sidentiel la Pinede","article_modified_time":"2023-03-24T15:20:49+00:00","twitter_card":"summary_large_image","schema":{"@context":"https:\/\/schema.org","@graph":[{"@type":"WebPage","@id":"https:\/\/www.residence-lapinede.com\/de\/mobil-homes-a-vendre\/","url":"https:\/\/www.residence-lapinede.com\/de\/mobil-homes-a-vendre\/","name":"Mobilheime zum Verkauf - Camping r\u00e9sidentiel la Pinede","isPartOf":{"@id":"https:\/\/www.residence-lapinede.com\/de\/#website"},"datePublished":"2021-08-03T10:01:13+00:00","dateModified":"2023-03-24T15:20:49+00:00","description":"Verkauf von Mobilheimen auf Stellpl\u00e4tzen - ganzj\u00e4hrig ge\u00f6ffnet im herault, werden Sie Besitzer Ihres Mobilheims in S\u00fcdfrankreich.","breadcrumb":{"@id":"https:\/\/www.residence-lapinede.com\/de\/mobil-homes-a-vendre\/#breadcrumb"},"inLanguage":"de","potentialAction":[{"@type":"ReadAction","target":["https:\/\/www.residence-lapinede.com\/de\/mobil-homes-a-vendre\/"]}]},{"@type":"BreadcrumbList","@id":"https:\/\/www.residence-lapinede.com\/de\/mobil-homes-a-vendre\/#breadcrumb","itemListElement":[{"@type":"ListItem","position":1,"name":"Camping H\u00e9rault","item":"https:\/\/www.residence-lapinede.com\/de\/"},{"@type":"ListItem","position":2,"name":"Mobil homes \u00e0 vendre"}]},{"@type":"WebSite","@id":"https:\/\/www.residence-lapinede.com\/de\/#website","url":"https:\/\/www.residence-lapinede.com\/de\/","name":"Camping r\u00e9sidentiel la Pinede","description":"Calme Luxe Nature","publisher":{"@id":"https:\/\/www.residence-lapinede.com\/de\/#organization"},"potentialAction":[{"@type":"SearchAction","target":{"@type":"EntryPoint","urlTemplate":"https:\/\/www.residence-lapinede.com\/de\/?s={search_term_string}"},"query-input":{"@type":"PropertyValueSpecification","valueRequired":true,"valueName":"search_term_string"}}],"inLanguage":"de"},{"@type":"Organization","@id":"https:\/\/www.residence-lapinede.com\/de\/#organization","name":"R\u00e9sidence La Pin\u00e8de","url":"https:\/\/www.residence-lapinede.com\/de\/","logo":{"@type":"ImageObject","inLanguage":"de","@id":"https:\/\/www.residence-lapinede.com\/de\/#\/schema\/logo\/image\/","url":"https:\/\/www.residence-lapinede.com\/wp-content\/uploads\/2021\/05\/camping-pinede-logo.png","contentUrl":"https:\/\/www.residence-lapinede.com\/wp-content\/uploads\/2021\/05\/camping-pinede-logo.png","width":2000,"height":875,"caption":"R\u00e9sidence La Pin\u00e8de"},"image":{"@id":"https:\/\/www.residence-lapinede.com\/de\/#\/schema\/logo\/image\/"}}]}},"_links":{"self":[{"href":"https:\/\/www.residence-lapinede.com\/de\/wp-json\/wp\/v2\/pages\/5849","targetHints":{"allow":["GET"]}}],"collection":[{"href":"https:\/\/www.residence-lapinede.com\/de\/wp-json\/wp\/v2\/pages"}],"about":[{"href":"https:\/\/www.residence-lapinede.com\/de\/wp-json\/wp\/v2\/types\/page"}],"author":[{"embeddable":true,"href":"https:\/\/www.residence-lapinede.com\/de\/wp-json\/wp\/v2\/users\/2"}],"replies":[{"embeddable":true,"href":"https:\/\/www.residence-lapinede.com\/de\/wp-json\/wp\/v2\/comments?post=5849"}],"version-history":[{"count":6,"href":"https:\/\/www.residence-lapinede.com\/de\/wp-json\/wp\/v2\/pages\/5849\/revisions"}],"predecessor-version":[{"id":5950,"href":"https:\/\/www.residence-lapinede.com\/de\/wp-json\/wp\/v2\/pages\/5849\/revisions\/5950"}],"wp:attachment":[{"href":"https:\/\/www.residence-lapinede.com\/de\/wp-json\/wp\/v2\/media?parent=5849"}],"curies":[{"name":"wp","href":"https:\/\/api.w.org\/{rel}","templated":true}]}}